{"id":27072,"date":"2025-07-15T17:50:16","date_gmt":"2025-07-15T14:50:16","guid":{"rendered":"https:\/\/www.neolife.com.tr\/?page_id=27072"},"modified":"2025-09-17T11:54:29","modified_gmt":"2025-09-17T08:54:29","slug":"cancer-du-larynx","status":"publish","type":"page","link":"https:\/\/www.neolife.com.tr\/fr\/cancer-du-larynx\/","title":{"rendered":"Cancer du larynx"},"content":{"rendered":"<figure><img decoding=\"async\" src=\"https:\/\/www.neolife.com.tr\/wp-content\/uploads\/2023\/05\/bas-ve-boyun-kanseri-kurdele-1.png\" alt=\"\" width=\"200\" height=\"200\" \/><\/figure>\n<figure>Larynx Cancer<\/figure>\n<p><strong>Qu\u2019est-ce que le cancer du larynx (bo\u00eete vocale) ?\u00a0<\/strong><\/p>\n<p>Le larynx est un organe de la respiration et de la voix situ\u00e9 dans la partie sup\u00e9rieure de la trach\u00e9e frontale ant\u00e9rieure du cou. Il a l\u2019apparence d\u2019une bo\u00eete simple et est compos\u00e9 de cartilage, de membranes et de ligaments. La structure de la gorge est diff\u00e9rente et plus complexe que celle des autres parties des voies respiratoires. Les cancers de cette r\u00e9gion sont appel\u00e9s cancer du larynx ou de la bo\u00eete vocale.<\/p>\n<p><strong>Quels sont les signes du cancer du larynx (bo\u00eete vocale) ? <\/strong><\/p>\n<p>Les signes et sympt\u00f4mes du cancer du larynx peuvent inclure les \u00e9l\u00e9ments suivants.<\/p>\n<p>\u2022Toux<br \/>\n\u2022Changements de la voix, tels qu\u2019un enrouement ou un discours incompr\u00e9hensible.<br \/>\n\u2022 Difficult\u00e9 \u00e0 avaler.<br \/>\n\u2022 Douleur \u00e0 l\u2019oreille (otalgie)<br \/>\n\u2022 Masse ou plaie qui ne gu\u00e9rit pas<br \/>\n\u2022 Mal de gorge<br \/>\n\u2022 Perte de poids<\/p>\n<p><strong>Quelles sont les causes du cancer du larynx (bo\u00eete vocale) ? <\/strong><\/p>\n<p>Les mutations g\u00e9n\u00e9tiques des cellules provoquent le cancer. L\u2019accumulation de ces cellules peut cr\u00e9er une tumeur dans l\u2019organe.<br \/>\nLa cause de la mutation \u00e0 l\u2019origine du cancer du larynx n\u2019est pas clairement d\u00e9finie. Cependant, votre m\u00e9decin d\u00e9terminera les facteurs qui augmentent le risque.<\/p>\n<p><strong>Quels sont les types de cancer du larynx (bo\u00eete vocale) ? <\/strong><\/p>\n<p>La bo\u00eete vocale est \u00e9troitement li\u00e9e au larynx situ\u00e9 juste en dessous de la gorge.<\/p>\n<p>\u2022 Cancer hypopharyng\u00e9 (cancer laryngopharyng\u00e9)<br \/>\n\u2022 Cancer de la glotte<br \/>\n\u2022 Cancer sus-glottique<br \/>\n\u2022 Cancer sous-glottique<\/p>\n<p><strong>Quels sont les facteurs de risque du cancer du larynx (bo\u00eete vocale) ? <\/strong><\/p>\n<p>Les facteurs qui augmentent le risque de cancer de la bo\u00eete vocale comprennent :<\/p>\n<p>\u2022 Tabac<br \/>\n\u2022 Alcool<br \/>\n\u2022 Virus du papillome humain (HPV)<br \/>\n\u2022 Alimentation malsaine (ex. fast-food)<br \/>\n\u2022 Maladie de reflux gastro-\u0153sophagien (RGO)<\/p>\n<p><strong>Comment diagnostiquer le cancer du larynx (bo\u00eete vocale) ? <\/strong><\/p>\n<p>Votre m\u00e9decin peut recommander les \u00e9l\u00e9ments suivants pour diagnostiquer le cancer de la bo\u00eete vocale :<\/p>\n<p>\u2022Utilisation d\u2019un endoscope pour observer de plus pr\u00e8s votre gorge.<br \/>\n\u2022 Pr\u00e9l\u00e8vement d\u2019un \u00e9chantillon de tissu pour examen.<br \/>\n\u2022 Examens d\u2019imagerie.<\/p>\n<p><strong>Quelles sont les options de traitement pour le cancer du larynx (bo\u00eete vocale) ? <\/strong><\/p>\n<p>Les options de traitement sont d\u00e9termin\u00e9es par de nombreux facteurs tels que l\u2019emplacement et le stade du cancer de la bo\u00eete vocale, le type de cellules impliqu\u00e9es, l\u2019\u00e9tat de sant\u00e9 g\u00e9n\u00e9ral et les pr\u00e9f\u00e9rences personnelles. Discutez des risques et des avantages de chaque option avec votre m\u00e9decin. Le patient et ses m\u00e9decins peuvent d\u00e9terminer ensemble les options de traitement appropri\u00e9es.<\/p>\n<p>\u2022 Radioth\u00e9rapie<br \/>\n\u2022 Chirurgie<br \/>\n\u2022 Chimioth\u00e9rapie<br \/>\n\u2022 Traitement m\u00e9dicamenteux cibl\u00e9<br \/>\n\u2022 R\u00e9\u00e9ducation apr\u00e8s traitement<\/p>\n<p>Le traitement du cancer de la bo\u00eete vocale entra\u00eene g\u00e9n\u00e9ralement des complications n\u00e9cessitant la collaboration avec des sp\u00e9cialistes pour restaurer la capacit\u00e9 \u00e0 avaler, manger des aliments solides et parler.<\/p>\n<p>Votre m\u00e9decin pourra discuter avec vous des effets secondaires potentiels et des complications li\u00e9es au traitement.<\/p>\n","protected":false},"excerpt":{"rendered":"<p>Larynx Cancer Qu\u2019est-ce que le cancer du larynx (bo\u00eete vocale) ?\u00a0 Le larynx est un organe de la respiration et de la voix situ\u00e9 dans la partie sup\u00e9rieure de la trach\u00e9e frontale ant\u00e9rieure du cou. Il a l\u2019apparence d\u2019une bo\u00eete simple et est compos\u00e9 de cartilage, de membranes et de ligaments. La structure de la [&hellip;]<\/p>\n","protected":false},"author":13,"featured_media":27075,"parent":0,"menu_order":0,"comment_status":"open","ping_status":"closed","template":"","meta":{"footnotes":""},"class_list":["post-27072","page","type-page","status-publish","has-post-thumbnail","hentry"],"yoast_head":"<!-- This site is optimized with the Yoast SEO plugin v22.5 - https:\/\/yoast.com\/wordpress\/plugins\/seo\/ -->\n<title>Cancer du larynx - Neolife T\u0131p Merkezi<\/title>\n<meta name=\"robots\" content=\"index, follow, max-snippet:-1, max-image-preview:large, max-video-preview:-1\" \/>\n<link rel=\"canonical\" href=\"https:\/\/www.neolife.com.tr\/fr\/cancer-du-larynx\/\" \/>\n<meta name=\"twitter:label1\" content=\"Dur\u00e9e de lecture estim\u00e9e\" \/>\n\t<meta name=\"twitter:data1\" content=\"4 minutes\" \/>\n<script type=\"application\/ld+json\" class=\"yoast-schema-graph\">{\"@context\":\"https:\/\/schema.org\",\"@graph\":[{\"@type\":\"WebPage\",\"@id\":\"https:\/\/www.neolife.com.tr\/fr\/cancer-du-larynx\/\",\"url\":\"https:\/\/www.neolife.com.tr\/fr\/cancer-du-larynx\/\",\"name\":\"Cancer du larynx - Neolife T\u0131p Merkezi\",\"isPartOf\":{\"@id\":\"https:\/\/www.neolife.com.tr\/#website\"},\"primaryImageOfPage\":{\"@id\":\"https:\/\/www.neolife.com.tr\/fr\/cancer-du-larynx\/#primaryimage\"},\"image\":{\"@id\":\"https:\/\/www.neolife.com.tr\/fr\/cancer-du-larynx\/#primaryimage\"},\"thumbnailUrl\":\"https:\/\/www.neolife.com.tr\/wp-content\/uploads\/2019\/12\/girtlak-larenk-kanseri-tedavisi-neolife.jpg\",\"datePublished\":\"2025-07-15T14:50:16+00:00\",\"dateModified\":\"2025-09-17T08:54:29+00:00\",\"breadcrumb\":{\"@id\":\"https:\/\/www.neolife.com.tr\/fr\/cancer-du-larynx\/#breadcrumb\"},\"inLanguage\":\"fr-FR\",\"potentialAction\":[{\"@type\":\"ReadAction\",\"target\":[\"https:\/\/www.neolife.com.tr\/fr\/cancer-du-larynx\/\"]}]},{\"@type\":\"ImageObject\",\"inLanguage\":\"fr-FR\",\"@id\":\"https:\/\/www.neolife.com.tr\/fr\/cancer-du-larynx\/#primaryimage\",\"url\":\"https:\/\/www.neolife.com.tr\/wp-content\/uploads\/2019\/12\/girtlak-larenk-kanseri-tedavisi-neolife.jpg\",\"contentUrl\":\"https:\/\/www.neolife.com.tr\/wp-content\/uploads\/2019\/12\/girtlak-larenk-kanseri-tedavisi-neolife.jpg\",\"width\":1000,\"height\":1018},{\"@type\":\"BreadcrumbList\",\"@id\":\"https:\/\/www.neolife.com.tr\/fr\/cancer-du-larynx\/#breadcrumb\",\"itemListElement\":[{\"@type\":\"ListItem\",\"position\":1,\"name\":\"Ana Sayfa\",\"item\":\"https:\/\/www.neolife.com.tr\/fr\/\"},{\"@type\":\"ListItem\",\"position\":2,\"name\":\"Cancer du larynx\"}]},{\"@type\":\"WebSite\",\"@id\":\"https:\/\/www.neolife.com.tr\/#website\",\"url\":\"https:\/\/www.neolife.com.tr\/\",\"name\":\"Neolife T\u0131p Merkezi\",\"description\":\"T\u00fcrkiye&#039;de kanser tedavisi - kanser te\u015fhisi ve tedavisi\",\"publisher\":{\"@id\":\"https:\/\/www.neolife.com.tr\/#organization\"},\"potentialAction\":[{\"@type\":\"SearchAction\",\"target\":{\"@type\":\"EntryPoint\",\"urlTemplate\":\"https:\/\/www.neolife.com.tr\/?s={search_term_string}\"},\"query-input\":\"required name=search_term_string\"}],\"inLanguage\":\"fr-FR\"},{\"@type\":\"Organization\",\"@id\":\"https:\/\/www.neolife.com.tr\/#organization\",\"name\":\"Neolife T\u0131p Merkezi\",\"url\":\"https:\/\/www.neolife.com.tr\/\",\"logo\":{\"@type\":\"ImageObject\",\"inLanguage\":\"fr-FR\",\"@id\":\"https:\/\/www.neolife.com.tr\/#\/schema\/logo\/image\/\",\"url\":\"https:\/\/www.neolife.com.tr\/wp-content\/uploads\/2021\/06\/Neolife-Logo.png\",\"contentUrl\":\"https:\/\/www.neolife.com.tr\/wp-content\/uploads\/2021\/06\/Neolife-Logo.png\",\"width\":348,\"height\":92,\"caption\":\"Neolife T\u0131p Merkezi\"},\"image\":{\"@id\":\"https:\/\/www.neolife.com.tr\/#\/schema\/logo\/image\/\"},\"sameAs\":[\"https:\/\/www.facebook.com\/NeoLifeIstanbul\/\",\"https:\/\/x.com\/NeoLifeIstanbul\",\"https:\/\/www.linkedin.com\/company\/neolife-oncology-center\/?originalSubdomain=tr\"]}]}<\/script>\n<!-- \/ Yoast SEO plugin. -->","yoast_head_json":{"title":"Cancer du larynx - Neolife T\u0131p Merkezi","robots":{"index":"index","follow":"follow","max-snippet":"max-snippet:-1","max-image-preview":"max-image-preview:large","max-video-preview":"max-video-preview:-1"},"canonical":"https:\/\/www.neolife.com.tr\/fr\/cancer-du-larynx\/","twitter_misc":{"Dur\u00e9e de lecture estim\u00e9e":"4 minutes"},"schema":{"@context":"https:\/\/schema.org","@graph":[{"@type":"WebPage","@id":"https:\/\/www.neolife.com.tr\/fr\/cancer-du-larynx\/","url":"https:\/\/www.neolife.com.tr\/fr\/cancer-du-larynx\/","name":"Cancer du larynx - Neolife T\u0131p Merkezi","isPartOf":{"@id":"https:\/\/www.neolife.com.tr\/#website"},"primaryImageOfPage":{"@id":"https:\/\/www.neolife.com.tr\/fr\/cancer-du-larynx\/#primaryimage"},"image":{"@id":"https:\/\/www.neolife.com.tr\/fr\/cancer-du-larynx\/#primaryimage"},"thumbnailUrl":"https:\/\/www.neolife.com.tr\/wp-content\/uploads\/2019\/12\/girtlak-larenk-kanseri-tedavisi-neolife.jpg","datePublished":"2025-07-15T14:50:16+00:00","dateModified":"2025-09-17T08:54:29+00:00","breadcrumb":{"@id":"https:\/\/www.neolife.com.tr\/fr\/cancer-du-larynx\/#breadcrumb"},"inLanguage":"fr-FR","potentialAction":[{"@type":"ReadAction","target":["https:\/\/www.neolife.com.tr\/fr\/cancer-du-larynx\/"]}]},{"@type":"ImageObject","inLanguage":"fr-FR","@id":"https:\/\/www.neolife.com.tr\/fr\/cancer-du-larynx\/#primaryimage","url":"https:\/\/www.neolife.com.tr\/wp-content\/uploads\/2019\/12\/girtlak-larenk-kanseri-tedavisi-neolife.jpg","contentUrl":"https:\/\/www.neolife.com.tr\/wp-content\/uploads\/2019\/12\/girtlak-larenk-kanseri-tedavisi-neolife.jpg","width":1000,"height":1018},{"@type":"BreadcrumbList","@id":"https:\/\/www.neolife.com.tr\/fr\/cancer-du-larynx\/#breadcrumb","itemListElement":[{"@type":"ListItem","position":1,"name":"Ana Sayfa","item":"https:\/\/www.neolife.com.tr\/fr\/"},{"@type":"ListItem","position":2,"name":"Cancer du larynx"}]},{"@type":"WebSite","@id":"https:\/\/www.neolife.com.tr\/#website","url":"https:\/\/www.neolife.com.tr\/","name":"Neolife T\u0131p Merkezi","description":"T\u00fcrkiye&#039;de kanser tedavisi - kanser te\u015fhisi ve tedavisi","publisher":{"@id":"https:\/\/www.neolife.com.tr\/#organization"},"potentialAction":[{"@type":"SearchAction","target":{"@type":"EntryPoint","urlTemplate":"https:\/\/www.neolife.com.tr\/?s={search_term_string}"},"query-input":"required name=search_term_string"}],"inLanguage":"fr-FR"},{"@type":"Organization","@id":"https:\/\/www.neolife.com.tr\/#organization","name":"Neolife T\u0131p Merkezi","url":"https:\/\/www.neolife.com.tr\/","logo":{"@type":"ImageObject","inLanguage":"fr-FR","@id":"https:\/\/www.neolife.com.tr\/#\/schema\/logo\/image\/","url":"https:\/\/www.neolife.com.tr\/wp-content\/uploads\/2021\/06\/Neolife-Logo.png","contentUrl":"https:\/\/www.neolife.com.tr\/wp-content\/uploads\/2021\/06\/Neolife-Logo.png","width":348,"height":92,"caption":"Neolife T\u0131p Merkezi"},"image":{"@id":"https:\/\/www.neolife.com.tr\/#\/schema\/logo\/image\/"},"sameAs":["https:\/\/www.facebook.com\/NeoLifeIstanbul\/","https:\/\/x.com\/NeoLifeIstanbul","https:\/\/www.linkedin.com\/company\/neolife-oncology-center\/?originalSubdomain=tr"]}]}},"_links":{"self":[{"href":"https:\/\/www.neolife.com.tr\/fr\/wp-json\/wp\/v2\/pages\/27072","targetHints":{"allow":["GET"]}}],"collection":[{"href":"https:\/\/www.neolife.com.tr\/fr\/wp-json\/wp\/v2\/pages"}],"about":[{"href":"https:\/\/www.neolife.com.tr\/fr\/wp-json\/wp\/v2\/types\/page"}],"author":[{"embeddable":true,"href":"https:\/\/www.neolife.com.tr\/fr\/wp-json\/wp\/v2\/users\/13"}],"replies":[{"embeddable":true,"href":"https:\/\/www.neolife.com.tr\/fr\/wp-json\/wp\/v2\/comments?post=27072"}],"version-history":[{"count":10,"href":"https:\/\/www.neolife.com.tr\/fr\/wp-json\/wp\/v2\/pages\/27072\/revisions"}],"predecessor-version":[{"id":28676,"href":"https:\/\/www.neolife.com.tr\/fr\/wp-json\/wp\/v2\/pages\/27072\/revisions\/28676"}],"wp:featuredmedia":[{"embeddable":true,"href":"https:\/\/www.neolife.com.tr\/fr\/wp-json\/wp\/v2\/media\/27075"}],"wp:attachment":[{"href":"https:\/\/www.neolife.com.tr\/fr\/wp-json\/wp\/v2\/media?parent=27072"}],"curies":[{"name":"wp","href":"https:\/\/api.w.org\/{rel}","templated":true}]}}